{"id":2795,"date":"2012-10-09T17:54:41","date_gmt":"2012-10-09T16:54:41","guid":{"rendered":"http:\/\/www.sabinewenig.de\/myblog\/?page_id=2795"},"modified":"2020-04-22T17:19:08","modified_gmt":"2020-04-22T16:19:08","slug":"meine-memoiren","status":"publish","type":"page","link":"http:\/\/www.sabinewenig.de\/myblog\/?page_id=2795","title":{"rendered":"Meine Memoiren"},"content":{"rendered":"<p>Memoiren &#8211; was f\u00fcr ein Wort &#8211; dazu hei\u00dft es im Internet :<\/p>\n<p>&#8222;Webdefinitionen:<br \/>\nDer Ausdruck Memoiren (Pluraletantum; v. franz. memoire \u201eschriftliche Darlegung, Denkschrift\u201c aus lat. memoria \u201eGed\u00e4chtnis\u201c)&#8230;<br \/>\n<a href=\"https:\/\/de.wikipedia.org\/wiki\/Memoiren\" rel=\"noopener noreferrer\" target=\"_blank\">https:\/\/de.wikipedia.org\/wiki\/Memoiren<\/a><\/p>\n<p>Ich habe es es fr\u00fcher immer bel\u00e4chelt, wenn wieder ein &#8222;so und so&#8220; seine Memoiren ver\u00f6ffentlicht hat &#8211;<br \/>\nwie Boris Becker<br \/>\noder hier : Michelle Hunziker&nbsp;<br \/>\n&#8230;<br \/>\nnun jetzt, mit zunehmendem Alter (oder Krankheit) denke ich anders dar\u00fcber. Ich werde zwar kein ganzen Buch schreiben und es ver\u00f6ffentlichen, aber irgendwie ger\u00e4t immer mehr in Vergessenheit und meine Tochter hat kein Interesse daran, sich mein Leben anzuh\u00f6ren (im Gegensatz zu mir, die jedes Wort der Mutter regelrecht aufgesaugt hat, wenn sie \u00fcber ihre Vergangenheit erz\u00e4hlte).<br \/>\nDas Gute an EDV bzw. Laptop\/PC ist es ja gerade, da\u00df man im Gegensatz zur fr\u00fcheren Schreibmaschine \u00b4zig mal den Text \u00e4ndern kann und da noch was einf\u00fcgen und dort noch was umschreiben &#8211; genau das liebe ich an meinem Beruf !<\/p>\n<p>Gerburg Jahnke (<a title=\"https:\/\/www.google.de\/search?q=gerburg+jahnke&amp;ie=utf-8&amp;oe=utf-8&amp;aq=t&amp;rls=org.mozilla:de:official&amp;client=firefox-a\" href=\"https:\/\/www.google.de\/search?q=gerburg+jahnke&amp;ie=utf-8&amp;oe=utf-8&amp;aq=t&amp;rls=org.mozilla:de:official&amp;client=firefox-a\" target=\"_blank\" rel=\"noopener noreferrer\">https:\/\/www.google.de\/search?q=gerburg+jahnke&amp;ie=utf-8&amp;oe=utf-8&amp;aq=t&amp;rls=org.mozilla:de:official&amp;client=firefox-a<\/a>) hat dazu so\u00b4n tollen Sketch \u00fcber Tageb\u00fccher &#8211; um genau zu sein, liest sie eingegangene Briefe vor und einer schrieb so ungef\u00e4hr : &#8222;Ich, als Ehemann habe den Verdacht, meine Frau weis, da\u00df ich ihre Tageb\u00fccher lese &#8211; was soll ich tun ?&#8220; und sie antwortet ihm darauf :&#8220;Schreib ihr doch mal die Frage rein, wie sie darauf kommt &#8230;&#8220; &#8211; also das ist doch eine Spitzen-Antwort oder ???? &#8222;Tada !!&#8220;<br \/>\n2. Beispiel von ihr : von M\u00e4nnern, die die Tageb\u00fccher ihrer Frauen lesen und sogar korrigieren, weil sie Lehrer sind &#8211; da\u00df Wort wird soundso geschrieben ! &#8212;&#8211; genial und noch mit Zensur : gab einen Bienchen-Stempel drauf<br \/>\nAlso, wo diese Frau immer ihre Ideen f\u00fcr ihre Sketche hernimmt? Sind so super.<br \/>\nUnd manchmal denke ich f\u00fcr mich : irgendwie bin ich auch so &#8211; mache st\u00e4ndig Witze &#8211; \u00fcber mein Leben und alles drumherum &#8211; nur da\u00df ich daf\u00fcr kein Geld bekomme !<br \/>\nEben hatte ich z.B. wieder solch genialen Einfall : mu\u00df n\u00e4chste Woche wieder ALG2-Antrag abgeben &#8211; so den 20. oder \u00e4hnlich &#8211; und meine Worte dazu : &#8222;das sind die neuen Stasi-Akten !&#8220;<\/p>\n<p>Ich h\u00f6rte neulich : &#8222;Woran merkt man, da\u00df man \u00e4lter wird ? Nun man hat mehr Erinnerungen als Tr\u00e4ume.&#8220; Ja, genauso ist es ! Und damit all diese Erfahrungen, Erinnerungen usw. nicht einfach irgendwann im Nirvana verschwinden, schreibt man sie auf. (Auch wenn man sie im Nachhinein doch oft besch\u00f6nigt und sagt: ach so schlimm war es doch gar nicht oder sich einfach nur eine Kurzfassung einpr\u00e4gt) Es hie\u00df immer, man lebt in den Erinnerungen weiter &#8211; man m\u00f6chte etwas der Nachwelt hinterlassen und nicht nur einfach gehn und keiner erinnert sich an einen &#8211; ich meine, wir sind ja nur kleine Lichter und keine gro\u00dfen Gelehrten o.\u00e4., \u00fcber die \u00fcberall nachgeforscht und dokumentiert wird.<\/p>\n<p>Ich weis auch, da\u00df dies ein ziemlich langes Werk wird und nicht in einem geschrieben &#8211; schon gar nicht bei meinen R\u00fcckenschmerzen, weil ich schon wieder kalt werde &#8211; trotz Kissen im R\u00fccken &#8211; also mache ich jetzt erst einmal Pause und schreibe sp\u00e4ter weiter &#8211; blos gut, da\u00df sich mein Freund das Laptop (auch wenn meine Tochter mich immer verbessert : der Laptop !) &#8211; also eben der Speicher &#8211; alles merkt und ich ohne Diktierger\u00e4t und Tippse wie nicht EDV\u00b4ler auskomme.<\/p>\n<p>&#8230;<\/p>\n<p>~~~~~~~~~~~~~~~~~~~~~~~~~~~~~~~~~~~~~~~~~~~~~~~~~~~~~~~~~~~~~~<\/p>\n<p>23.10.2012 Volksstimme :<br \/>\n<img loading=\"lazy\" decoding=\"async\" class=\"alignnone size-full wp-image-3272\" title=\"schreiben_23_10_2012_volksstimme_kleiner\" src=\"http:\/\/www.sabinewenig.de\/myblog\/wp-content\/uploads\/2012\/10\/schreiben_23_10_2012_volksstimme_kleiner.jpg\" alt=\"\" width=\"278\" height=\"270\"><\/p>\n","protected":false},"excerpt":{"rendered":"<p>Memoiren &#8211; was f\u00fcr ein Wort &#8211; dazu hei\u00dft es im Internet : &#8222;Webdefinitionen: Der Ausdruck Memoiren (Pluraletantum; v. franz. memoire \u201eschriftliche Darlegung, Denkschrift\u201c aus lat. memoria \u201eGed\u00e4chtnis\u201c)&#8230; https:\/\/de.wikipedia.org\/wiki\/Memoiren Ich habe es es fr\u00fcher immer bel\u00e4chelt, wenn wieder ein &#8222;so &hellip; <a href=\"http:\/\/www.sabinewenig.de\/myblog\/?page_id=2795\">Weiterlesen <span class=\"meta-nav\">&rarr;<\/span><\/a><\/p>\n","protected":false},"author":1,"featured_media":0,"parent":3182,"menu_order":3,"comment_status":"open","ping_status":"open","template":"","meta":{"ngg_post_thumbnail":0,"footnotes":""},"class_list":["post-2795","page","type-page","status-publish","hentry"],"_links":{"self":[{"href":"http:\/\/www.sabinewenig.de\/myblog\/index.php?rest_route=\/wp\/v2\/pages\/2795","targetHints":{"allow":["GET"]}}],"collection":[{"href":"http:\/\/www.sabinewenig.de\/myblog\/index.php?rest_route=\/wp\/v2\/pages"}],"about":[{"href":"http:\/\/www.sabinewenig.de\/myblog\/index.php?rest_route=\/wp\/v2\/types\/page"}],"author":[{"embeddable":true,"href":"http:\/\/www.sabinewenig.de\/myblog\/index.php?rest_route=\/wp\/v2\/users\/1"}],"replies":[{"embeddable":true,"href":"http:\/\/www.sabinewenig.de\/myblog\/index.php?rest_route=%2Fwp%2Fv2%2Fcomments&post=2795"}],"version-history":[{"count":0,"href":"http:\/\/www.sabinewenig.de\/myblog\/index.php?rest_route=\/wp\/v2\/pages\/2795\/revisions"}],"up":[{"embeddable":true,"href":"http:\/\/www.sabinewenig.de\/myblog\/index.php?rest_route=\/wp\/v2\/pages\/3182"}],"wp:attachment":[{"href":"http:\/\/www.sabinewenig.de\/myblog\/index.php?rest_route=%2Fwp%2Fv2%2Fmedia&parent=2795"}],"curies":[{"name":"wp","href":"https:\/\/api.w.org\/{rel}","templated":true}]}}