{"id":26809,"date":"2016-01-17T17:49:18","date_gmt":"2016-01-17T16:49:18","guid":{"rendered":"http:\/\/www.sabinewenig.de\/myblog\/?page_id=26809"},"modified":"2023-10-06T10:24:27","modified_gmt":"2023-10-06T09:24:27","slug":"dessau","status":"publish","type":"page","link":"http:\/\/www.sabinewenig.de\/myblog\/?page_id=26809","title":{"rendered":"2012 u. 2016 Dessau bis heute"},"content":{"rendered":"<p><img loading=\"lazy\" decoding=\"async\" class=\"alignnone size-full wp-image-26839\" src=\"http:\/\/www.sabinewenig.de\/myblog\/wp-content\/uploads\/2016\/01\/dessau-gross.jpg\" alt=\"dessau-gross\" width=\"611\" height=\"195\" srcset=\"http:\/\/www.sabinewenig.de\/myblog\/wp-content\/uploads\/2016\/01\/dessau-gross.jpg 611w, http:\/\/www.sabinewenig.de\/myblog\/wp-content\/uploads\/2016\/01\/dessau-gross-300x96.jpg 300w\" sizes=\"auto, (max-width: 611px) 100vw, 611px\" \/><\/p>\n<table border=\"0\" width=\"100%\" cellspacing=\"2\" cellpadding=\"2\">\n<tbody>\n<tr>\n<td colspan=\"2\" align=\"center\" valign=\"bottom\">Meines Vater\u00b4s Garten (Gartensparte Scheplake am K\u00fchlhaus):<\/td>\n<\/tr>\n<tr>\n<td colspan=\"2\" align=\"center\" valign=\"bottom\"><img loading=\"lazy\" decoding=\"async\" src=\"http:\/\/www.sabinewenig.de\/myblog\/wp-content\/uploads\/2016\/bilder256\/dessau\/PICT1487.JPG\" width=\"192\" height=\"256\"><\/td>\n<\/tr>\n<tr>\n<td align=\"center\" valign=\"bottom\"><img loading=\"lazy\" decoding=\"async\" src=\"http:\/\/www.sabinewenig.de\/myblog\/wp-content\/uploads\/2016\/bilder256\/dessau\/PICT1489.JPG\" width=\"256\" height=\"192\"><\/td>\n<td align=\"center\" valign=\"bottom\"><img loading=\"lazy\" decoding=\"async\" src=\"http:\/\/www.sabinewenig.de\/myblog\/wp-content\/uploads\/2016\/bilder256\/dessau\/PICT1490.JPG\" width=\"256\" height=\"192\"><\/td>\n<\/tr>\n<tr>\n<td align=\"center\" valign=\"bottom\"><img loading=\"lazy\" decoding=\"async\" src=\"http:\/\/www.sabinewenig.de\/myblog\/wp-content\/uploads\/2016\/bilder256\/dessau\/PICT1491.JPG\" width=\"256\" height=\"192\"><\/td>\n<td align=\"center\" valign=\"bottom\"><img loading=\"lazy\" decoding=\"async\" src=\"http:\/\/www.sabinewenig.de\/myblog\/wp-content\/uploads\/2016\/bilder256\/dessau\/PICT1488.JPG\" width=\"256\" height=\"192\"><\/td>\n<\/tr>\n<tr>\n<td colspan=\"2\" align=\"center\" valign=\"bottom\">&nbsp;<\/td>\n<\/tr>\n<tr>\n<td colspan=\"2\" align=\"center\" valign=\"bottom\">Meine Kindheits-Wohnung jetzt<br \/>\n(Paul-K\u00f6nig-Str. &#8211; W\u00f6rlitzer Str. &#8211; an Ecke Karlstr.):<\/td>\n<\/tr>\n<tr>\n<td align=\"center\" valign=\"bottom\"><img loading=\"lazy\" decoding=\"async\" src=\"http:\/\/www.sabinewenig.de\/myblog\/wp-content\/uploads\/2016\/bilder256\/dessau\/PICT1492.JPG\" width=\"256\" height=\"192\"><\/td>\n<td align=\"center\" valign=\"bottom\"><img loading=\"lazy\" decoding=\"async\" src=\"http:\/\/www.sabinewenig.de\/myblog\/wp-content\/uploads\/2016\/bilder256\/dessau\/PICT1493.JPG\" width=\"256\" height=\"192\"><\/td>\n<\/tr>\n<tr>\n<td align=\"center\" valign=\"bottom\"><img loading=\"lazy\" decoding=\"async\" src=\"http:\/\/www.sabinewenig.de\/myblog\/wp-content\/uploads\/2016\/bilder256\/dessau\/PICT1494.JPG\" width=\"256\" height=\"192\"><\/td>\n<td align=\"center\" valign=\"bottom\"><img loading=\"lazy\" decoding=\"async\" src=\"http:\/\/www.sabinewenig.de\/myblog\/wp-content\/uploads\/2016\/bilder256\/dessau\/PICT1495.JPG\" width=\"256\" height=\"192\"><\/td>\n<\/tr>\n<tr>\n<td colspan=\"2\" align=\"center\" valign=\"bottom\"><img loading=\"lazy\" decoding=\"async\" src=\"http:\/\/www.sabinewenig.de\/myblog\/wp-content\/uploads\/2016\/bilder256\/dessau\/PICT1496.JPG\" width=\"192\" height=\"256\"><\/td>\n<\/tr>\n<tr>\n<td colspan=\"2\" align=\"center\" valign=\"bottom\">&nbsp;<\/td>\n<\/tr>\n<tr>\n<td colspan=\"2\" align=\"center\" valign=\"bottom\">ehem. Cafe George wird saniert (Karlstr. Ecke Joliot-Curie-Str.):<\/td>\n<\/tr>\n<tr>\n<td colspan=\"2\" align=\"center\" valign=\"bottom\"><img loading=\"lazy\" decoding=\"async\" src=\"http:\/\/www.sabinewenig.de\/myblog\/wp-content\/uploads\/2016\/bilder256\/dessau\/PICT1497.JPG\" width=\"192\" height=\"256\"><\/td>\n<\/tr>\n<tr>\n<td colspan=\"2\" align=\"center\" valign=\"bottom\">&nbsp;<\/td>\n<\/tr>\n<tr>\n<td colspan=\"2\" align=\"center\" valign=\"bottom\">&nbsp;<\/td>\n<\/tr>\n<tr>\n<td colspan=\"2\" align=\"center\" valign=\"bottom\">Links :<\/td>\n<\/tr>\n<tr>\n<td colspan=\"2\" align=\"center\" valign=\"bottom\"><a href=\"http:\/\/www.dessau.de\/\" target=\"_blank\" rel=\"noopener\">http:\/\/www.dessau.de\/<\/a><\/td>\n<\/tr>\n<tr>\n<td colspan=\"2\" align=\"center\" valign=\"bottom\"><a href=\"http:\/\/de.wikipedia.org\/wiki\/Dessau\" target=\"_blank\" rel=\"noopener\">http:\/\/de.wikipedia.org\/wiki\/Dessau<\/a><\/td>\n<\/tr>\n<tr>\n<td colspan=\"2\" align=\"center\" valign=\"bottom\"><a href=\"http:\/\/www.virtuelles-dessau.de\/\" target=\"_blank\" rel=\"noopener\">http:\/\/www.virtuelles-dessau.de\/<\/a><\/td>\n<\/tr>\n<tr>\n<td colspan=\"2\" align=\"center\" valign=\"bottom\">http:\/\/www.dessau-geschichte.de\/<\/td>\n<\/tr>\n<tr>\n<td colspan=\"2\" align=\"center\" valign=\"bottom\"><a href=\"http:\/\/ru.wikipedia.org\/wiki\/%D0%A4%D0%B0%D0%B9%D0%BB:Dessau_Schloss_1900.jpg\" target=\"_blank\" rel=\"noopener\">http:\/\/ru.wikipedia.org\/wiki\/\u0424\u0430\u0439\u043b:Dessau_Schloss_1900.jpg<\/a><\/td>\n<\/tr>\n<tr>\n<td colspan=\"2\" align=\"center\" valign=\"bottom\">http:\/\/www.anhalt800.de\/Anhalt800\/Orte\/Dessau-Rosslau\/<\/td>\n<\/tr>\n<tr>\n<td colspan=\"2\" align=\"center\" valign=\"bottom\">&nbsp;<\/td>\n<\/tr>\n<tr>\n<td colspan=\"2\" align=\"center\" valign=\"bottom\">&nbsp;<\/td>\n<\/tr>\n<tr>\n<td colspan=\"2\" align=\"center\" valign=\"bottom\">Meines Vater\u00b4s Garten (Gartensparte Scheplake am K\u00fchlhaus) : 23.6.2014<\/td>\n<\/tr>\n<tr>\n<td colspan=\"2\" align=\"center\" valign=\"bottom\"><img loading=\"lazy\" decoding=\"async\" src=\"http:\/\/www.sabinewenig.de\/myblog\/wp-content\/uploads\/2016\/bilder256\/dessau\/DSCF6229.JPG\" width=\"256\" height=\"192\">&nbsp;&nbsp;<img loading=\"lazy\" decoding=\"async\" src=\"http:\/\/www.sabinewenig.de\/myblog\/wp-content\/uploads\/2016\/bilder256\/dessau\/DSCF6230.JPG\" width=\"256\" height=\"192\"><\/p>\n<p><img loading=\"lazy\" decoding=\"async\" src=\"http:\/\/www.sabinewenig.de\/myblog\/wp-content\/uploads\/2016\/bilder256\/dessau\/DSCF6231.JPG\" width=\"256\" height=\"192\">&nbsp;&nbsp;<img loading=\"lazy\" decoding=\"async\" src=\"http:\/\/www.sabinewenig.de\/myblog\/wp-content\/uploads\/2016\/bilder256\/dessau\/DSCF6232.JPG\" width=\"256\" height=\"192\"><\/td>\n<\/tr>\n<tr>\n<td colspan=\"2\" align=\"center\" valign=\"bottom\">&nbsp;<\/td>\n<\/tr>\n<tr>\n<td colspan=\"2\" align=\"center\" valign=\"bottom\">&nbsp;<\/td>\n<\/tr>\n<tr>\n<td colspan=\"2\" align=\"center\" valign=\"bottom\">Dessau Stadt und Klinik 9.7.2016 :<\/td>\n<\/tr>\n<tr>\n<td colspan=\"2\" align=\"center\" valign=\"bottom\"><img loading=\"lazy\" decoding=\"async\" src=\"http:\/\/www.sabinewenig.de\/myblog\/wp-content\/uploads\/2016\/bilder256\/dessau\/IMG_3389.JPG\" width=\"256\" height=\"192\">&nbsp;&nbsp;<img loading=\"lazy\" decoding=\"async\" src=\"http:\/\/www.sabinewenig.de\/myblog\/wp-content\/uploads\/2016\/bilder256\/dessau\/IMG_3390.JPG\" width=\"256\" height=\"192\"><\/p>\n<p>Na der vorherige Springbrunnen<br \/>\nhat mir besser gefallen !<\/p>\n<p><img loading=\"lazy\" decoding=\"async\" src=\"http:\/\/www.sabinewenig.de\/myblog\/wp-content\/uploads\/2016\/bilder256\/dessau\/IMG_3391.JPG\" width=\"256\" height=\"192\">&nbsp;&nbsp;<img loading=\"lazy\" decoding=\"async\" src=\"http:\/\/www.sabinewenig.de\/myblog\/wp-content\/uploads\/2016\/bilder256\/dessau\/IMG_3392.JPG\" width=\"256\" height=\"192\"><\/td>\n<\/tr>\n<tr>\n<td colspan=\"2\" align=\"center\" valign=\"bottom\">&nbsp;<\/td>\n<\/tr>\n<tr>\n<td colspan=\"2\" align=\"center\" valign=\"bottom\"><img loading=\"lazy\" decoding=\"async\" src=\"http:\/\/www.sabinewenig.de\/myblog\/wp-content\/uploads\/2016\/bilder256\/dessau\/IMG_3393.JPG\" width=\"256\" height=\"341\">&nbsp;&nbsp;<img loading=\"lazy\" decoding=\"async\" src=\"http:\/\/www.sabinewenig.de\/myblog\/wp-content\/uploads\/2016\/bilder256\/dessau\/IMG_3394.JPG\" width=\"256\" height=\"192\"><\/p>\n<p>Am Rathaus hat sich seit meinen<br \/>\nKindertagen nicht viel ver\u00e4ndert &#8211;<br \/>\naber der Vorplatz hat ein paar<br \/>\nh\u00e4\u00dfliche Skulpturen bekommen<\/td>\n<\/tr>\n<tr>\n<td colspan=\"2\" align=\"center\" valign=\"bottom\">&nbsp;<\/td>\n<\/tr>\n<tr>\n<td colspan=\"2\" align=\"center\" valign=\"bottom\"><img loading=\"lazy\" decoding=\"async\" src=\"http:\/\/www.sabinewenig.de\/myblog\/wp-content\/uploads\/2016\/bilder256\/dessau\/IMG_3395.JPG\" width=\"256\" height=\"341\">&nbsp;&nbsp;<img loading=\"lazy\" decoding=\"async\" src=\"http:\/\/www.sabinewenig.de\/myblog\/wp-content\/uploads\/2016\/bilder256\/dessau\/IMG_3396.JPG\" width=\"256\" height=\"341\"><\/p>\n<p>Schlo\u00dfkirche &#8211; mein Vater erz\u00e4hlte mir immer<br \/>\ndie Geschichte von der Kanonankugel im Turm<\/td>\n<\/tr>\n<tr>\n<td colspan=\"2\" align=\"center\" valign=\"bottom\">&nbsp;<\/td>\n<\/tr>\n<tr>\n<td colspan=\"2\" align=\"center\" valign=\"bottom\"><img loading=\"lazy\" decoding=\"async\" src=\"http:\/\/www.sabinewenig.de\/myblog\/wp-content\/uploads\/2016\/bilder256\/dessau\/IMG_3397.JPG\" width=\"256\" height=\"192\">&nbsp;&nbsp;<img loading=\"lazy\" decoding=\"async\" src=\"http:\/\/www.sabinewenig.de\/myblog\/wp-content\/uploads\/2016\/bilder256\/dessau\/IMG_3398.JPG\" width=\"256\" height=\"192\"><\/p>\n<p>Ich kenne die Schlo\u00dfkirche<br \/>\nund das Schlo\u00df noch als Ruine.<\/td>\n<\/tr>\n<tr>\n<td colspan=\"2\" align=\"center\" valign=\"bottom\">&nbsp;<\/td>\n<\/tr>\n<tr>\n<td colspan=\"2\" align=\"center\" valign=\"bottom\"><img loading=\"lazy\" decoding=\"async\" src=\"http:\/\/www.sabinewenig.de\/myblog\/wp-content\/uploads\/2016\/bilder256\/dessau\/IMG_3399.JPG\" width=\"256\" height=\"341\">&nbsp;&nbsp;<img loading=\"lazy\" decoding=\"async\" src=\"http:\/\/www.sabinewenig.de\/myblog\/wp-content\/uploads\/2016\/bilder256\/dessau\/IMG_3400.JPG\" width=\"256\" height=\"192\"><\/p>\n<p><img loading=\"lazy\" decoding=\"async\" src=\"http:\/\/www.sabinewenig.de\/myblog\/wp-content\/uploads\/2016\/bilder256\/dessau\/IMG_3405.JPG\" width=\"256\" height=\"192\"><\/td>\n<\/tr>\n<tr>\n<td colspan=\"2\" align=\"center\" valign=\"bottom\">&nbsp;<\/td>\n<\/tr>\n<tr>\n<td colspan=\"2\" align=\"center\" valign=\"bottom\"><img loading=\"lazy\" decoding=\"async\" src=\"http:\/\/www.sabinewenig.de\/myblog\/wp-content\/uploads\/2016\/bilder256\/dessau\/IMG_3401.JPG\" width=\"256\" height=\"192\"><\/p>\n<p><img loading=\"lazy\" decoding=\"async\" src=\"http:\/\/www.sabinewenig.de\/myblog\/wp-content\/uploads\/2016\/bilder256\/dessau\/IMG_3402.JPG\" width=\"256\" height=\"192\">&nbsp;&nbsp;<img loading=\"lazy\" decoding=\"async\" src=\"http:\/\/www.sabinewenig.de\/myblog\/wp-content\/uploads\/2016\/bilder256\/dessau\/IMG_3403.JPG\" width=\"256\" height=\"192\"><\/td>\n<\/tr>\n<tr>\n<td colspan=\"2\" align=\"center\" valign=\"bottom\">&nbsp;<\/td>\n<\/tr>\n<tr>\n<td colspan=\"2\" align=\"center\" valign=\"bottom\"><img loading=\"lazy\" decoding=\"async\" src=\"http:\/\/www.sabinewenig.de\/myblog\/wp-content\/uploads\/2016\/bilder256\/dessau\/IMG_3404.JPG\" width=\"256\" height=\"192\"><\/p>\n<p>auch die Muldbr\u00fccke ist neu<\/td>\n<\/tr>\n<tr>\n<td colspan=\"2\" align=\"center\" valign=\"bottom\">&nbsp;<\/td>\n<\/tr>\n<tr>\n<td colspan=\"2\" align=\"center\" valign=\"bottom\"><img loading=\"lazy\" decoding=\"async\" src=\"http:\/\/www.sabinewenig.de\/myblog\/wp-content\/uploads\/2016\/bilder256\/dessau\/IMG_3406.JPG\" width=\"256\" height=\"192\">&nbsp;&nbsp;<img loading=\"lazy\" decoding=\"async\" src=\"http:\/\/www.sabinewenig.de\/myblog\/wp-content\/uploads\/2016\/bilder256\/dessau\/IMG_3407.JPG\" width=\"256\" height=\"192\"><\/p>\n<p>Das HO-Kaufhaus und<br \/>\ndas Friedensdenkmal haben sich seit<br \/>\nDDR-Tagen nicht ver\u00e4ndert &#8211;<br \/>\ndas Konsum-Kaufhaus wurde<br \/>\nabgerissen und daf\u00fcr ein neues<br \/>\nEinkaufszentrum gebaut.<\/td>\n<\/tr>\n<tr>\n<td colspan=\"2\" align=\"center\" valign=\"bottom\">&nbsp;<\/td>\n<\/tr>\n<tr>\n<td colspan=\"2\" align=\"center\" valign=\"bottom\"><img loading=\"lazy\" decoding=\"async\" src=\"http:\/\/www.sabinewenig.de\/myblog\/wp-content\/uploads\/2016\/bilder256\/dessau\/IMG_3408.JPG\" width=\"256\" height=\"341\">&nbsp;&nbsp;<img loading=\"lazy\" decoding=\"async\" src=\"http:\/\/www.sabinewenig.de\/myblog\/wp-content\/uploads\/2016\/bilder256\/dessau\/IMG_3411.JPG\" width=\"256\" height=\"341\"><\/p>\n<p>Diese Kirche und das<br \/>\nMuseum ver\u00e4ndern sich wohl nie ?<\/td>\n<\/tr>\n<tr>\n<td colspan=\"2\" align=\"center\" valign=\"bottom\">&nbsp;<\/td>\n<\/tr>\n<tr>\n<td colspan=\"2\" align=\"center\" valign=\"bottom\"><img loading=\"lazy\" decoding=\"async\" src=\"http:\/\/www.sabinewenig.de\/myblog\/wp-content\/uploads\/2016\/bilder256\/dessau\/IMG_3409.JPG\" width=\"256\" height=\"192\"><\/p>\n<p>Die alten Stra\u00dfenbahnen<br \/>\nwurden gegen neue ersetzt<br \/>\nund die Linie 3 kommt<br \/>\ngerade vom Klinikum &#8211;<br \/>\ndiese Linie gab es fr\u00fcher auch noch nicht<\/td>\n<\/tr>\n<tr>\n<td colspan=\"2\" align=\"center\" valign=\"bottom\">&nbsp;<\/td>\n<\/tr>\n<tr>\n<td colspan=\"3\" align=\"center\" valign=\"bottom\"><img loading=\"lazy\" decoding=\"async\" src=\"http:\/\/www.sabinewenig.de\/myblog\/wp-content\/uploads\/2016\/bilder256\/dessau\/IMG_3412.JPG\" width=\"256\" height=\"192\">&nbsp;&nbsp;<img loading=\"lazy\" decoding=\"async\" src=\"http:\/\/www.sabinewenig.de\/myblog\/wp-content\/uploads\/2016\/bilder256\/dessau\/IMG_3424.JPG\" width=\"256\" height=\"192\"><\/p>\n<p>Das Werbeplakat vom Klinikum<br \/>\nist gut aus der Luft getroffen.<\/td>\n<\/tr>\n<tr>\n<td colspan=\"2\" align=\"center\" valign=\"bottom\">&nbsp;<\/td>\n<\/tr>\n<tr>\n<td colspan=\"2\" align=\"center\" valign=\"bottom\"><img loading=\"lazy\" decoding=\"async\" src=\"http:\/\/www.sabinewenig.de\/myblog\/wp-content\/uploads\/2016\/bilder256\/dessau\/IMG_3413.JPG\" width=\"256\" height=\"192\">&nbsp;&nbsp;<img loading=\"lazy\" decoding=\"async\" src=\"http:\/\/www.sabinewenig.de\/myblog\/wp-content\/uploads\/2016\/bilder256\/dessau\/IMG_3414.JPG\" width=\"256\" height=\"192\"><\/td>\n<\/tr>\n<tr>\n<td colspan=\"2\" align=\"center\" valign=\"bottom\">&nbsp;<\/td>\n<\/tr>\n<tr>\n<td colspan=\"2\" align=\"center\" valign=\"bottom\"><img loading=\"lazy\" decoding=\"async\" src=\"http:\/\/www.sabinewenig.de\/myblog\/wp-content\/uploads\/2016\/bilder256\/dessau\/IMG_3415.JPG\" width=\"256\" height=\"192\"><\/p>\n<p>Das Klinikum hat einen wundersch\u00f6nen<br \/>\nTeich mit Seerosen, Enten, Goldfischen und<br \/>\ngro\u00dfen Karpfen &#8211; er ist eine<br \/>\nAugenweide und ich w\u00fcnschte<br \/>\nunsere Kliniken h\u00e4tten auch sowas.<\/p>\n<p><img loading=\"lazy\" decoding=\"async\" src=\"http:\/\/www.sabinewenig.de\/myblog\/wp-content\/uploads\/2016\/bilder256\/dessau\/IMG_3416.JPG\" width=\"256\" height=\"192\">&nbsp;&nbsp;<img loading=\"lazy\" decoding=\"async\" src=\"http:\/\/www.sabinewenig.de\/myblog\/wp-content\/uploads\/2016\/bilder256\/dessau\/IMG_3417.JPG\" width=\"256\" height=\"192\"><\/td>\n<\/tr>\n<tr>\n<td colspan=\"2\" align=\"center\" valign=\"bottom\">&nbsp;<\/td>\n<\/tr>\n<tr>\n<td colspan=\"2\" align=\"center\" valign=\"bottom\"><img loading=\"lazy\" decoding=\"async\" src=\"http:\/\/www.sabinewenig.de\/myblog\/wp-content\/uploads\/2016\/bilder256\/dessau\/IMG_3418.JPG\" width=\"256\" height=\"192\">&nbsp;&nbsp;<img loading=\"lazy\" decoding=\"async\" src=\"http:\/\/www.sabinewenig.de\/myblog\/wp-content\/uploads\/2016\/bilder256\/dessau\/IMG_3419.JPG\" width=\"256\" height=\"192\"><\/td>\n<\/tr>\n<tr>\n<td colspan=\"2\" align=\"center\" valign=\"bottom\">&nbsp;<\/td>\n<\/tr>\n<tr>\n<td colspan=\"2\" align=\"center\" valign=\"bottom\"><img loading=\"lazy\" decoding=\"async\" src=\"http:\/\/www.sabinewenig.de\/myblog\/wp-content\/uploads\/2016\/bilder256\/dessau\/IMG_3420.JPG\" width=\"256\" height=\"192\">&nbsp;&nbsp;<img loading=\"lazy\" decoding=\"async\" src=\"http:\/\/www.sabinewenig.de\/myblog\/wp-content\/uploads\/2016\/bilder256\/dessau\/IMG_3421.JPG\" width=\"256\" height=\"192\"><\/td>\n<\/tr>\n<tr>\n<td colspan=\"2\" align=\"center\" valign=\"bottom\">&nbsp;<\/td>\n<\/tr>\n<tr>\n<td colspan=\"2\" align=\"center\" valign=\"bottom\"><img loading=\"lazy\" decoding=\"async\" src=\"http:\/\/www.sabinewenig.de\/myblog\/wp-content\/uploads\/2016\/bilder256\/dessau\/IMG_3422.JPG\" width=\"256\" height=\"341\">&nbsp;&nbsp;<img loading=\"lazy\" decoding=\"async\" src=\"http:\/\/www.sabinewenig.de\/myblog\/wp-content\/uploads\/2016\/bilder256\/dessau\/IMG_3423.JPG\" width=\"256\" height=\"341\"><\/p>\n<p>einfach wundersch\u00f6n und erholsam<\/td>\n<\/tr>\n<\/tbody>\n<\/table>\n<p>&nbsp;<\/p>\n<p>&#8212;&#8212;&#8212;&#8212;&#8212;&#8212;&#8212;&#8212;&#8212;&#8212;&#8212;&#8212;<\/p>\n<p>Ansichtskarten von Dessau (Schlo\u00df usw.)<br \/>\n<a href=\"https:\/\/www.ebay.de\/sch\/i.html?_from=R40&amp;_trksid=p2499334.m570.l1313&amp;_nkw=Dessau&amp;_sacat=33369\" target=\"_blank\" rel=\"noopener\">https:\/\/www.ebay.de\/sch\/i.html?_from=R40&amp;_trksid=p2499334.m570.l1313&amp;_nkw=Dessau&amp;_sacat=33369<\/a><\/p>\n<p>Aktuelles aus den Forsten der Kulturstiftung Dessau (Dessau-Waldersee)<br \/>\n<a href=\"https:\/\/www.magdeburger-news.de\/?this=frame&amp;c=20211106151025\" target=\"_blank\" rel=\"noopener\">https:\/\/www.magdeburger-news.de\/?this=frame&amp;c=20211106151025<\/a><\/p>\n<p>Sachsen-Anhalt-News: Stiftung Bauhaus Dessau erh\u00e4lt bis 2026 rund 22,6 Millionen Euro<br \/>\n<a href=\"https:\/\/www.magdeburger-news.de\/?this=frame&amp;cut=0&amp;c=20211227141357\" target=\"_blank\" rel=\"noopener\">https:\/\/www.magdeburger-news.de\/?this=frame&amp;cut=0&amp;c=20211227141357<\/a><\/p>\n<p>100 Jahre Bauhaus: Th\u00fcringen, Sachsen-Anhalt und Sachsen laden 2019 ein<br \/>\n<a href=\"http:\/\/magdeburger-news.de\/?this=frame&amp;cut=1&amp;c=20180308095844 \" target=\"_blank\" rel=\"noopener\">http:\/\/magdeburger-news.de\/?this=frame&amp;cut=1&amp;c=20180308095844<\/a><\/p>\n<p>Dessauer Synagoge im Rohbau fertig<br \/>\nhttps:\/\/www.gmx.net\/magazine\/regio\/sachsen-anhalt\/dessauer-synagoge-rohbau-fertig-36625816#.homepage.threeList_5_Recommendation_treatSimple.Dessauer%20Synagoge%20im%20Rohbau%20fertig.6<\/p>\n<p>Richtfest f\u00fcr Synagoge Dessau-Ro\u00dflau \u2013 Haseloff: j\u00fcdisches Leben geh\u00f6rt zu Sachsen-Anhalt<br \/>\n<a href=\"https:\/\/www.magdeburger-news.de\/?this=frame&amp;c=20220221144635\" target=\"_blank\" rel=\"noopener\">https:\/\/www.magdeburger-news.de\/?this=frame&amp;c=20220221144635<\/a><\/p>\n<p>Junkers in Sachsen-Anhalt. Luftfahrt- und Technikgeschichte aus Dessau und K\u00f6then<br \/>\n<a href=\"https:\/\/www.magdeburger-news.de\/?this=frame&amp;c=20220117061555\" target=\"_blank\" rel=\"noopener\">https:\/\/www.magdeburger-news.de\/?this=frame&amp;c=20220117061555<\/a><\/p>\n<p>Politik-News: Landtag von Sachsen-Anhalt pflanzt B\u00e4ume im UNESCO Welterbe Gartenreich Dessau-W\u00f6rlitz<br \/>\n<a href=\"https:\/\/www.magdeburger-news.de\/?this=frame&amp;cut=0&amp;c=20220323102601\" target=\"_blank\" rel=\"noopener\">https:\/\/www.magdeburger-news.de\/?this=frame&amp;cut=0&amp;c=20220323102601<\/a><\/p>\n<p>Dessau-Ro\u00dflau<br \/>\nDieter Hallervorden er\u00f6ffnet &#8222;Mitteldeutsches Theater&#8220;<br \/>\nhttps:\/\/www.gmx.net\/magazine\/unterhaltung\/kultur\/dieter-hallervorden-eroeffnet-mitteldeutsches-theater-37260418#.homepage.threeList_5_Recommendation_treatSimple.Dieter%20Hallervorden%20er%C3%B6ffnet%20%22Mitteldeutsches%20Theater%22.3<\/p>\n<p>Haseloff dankt Bund f\u00fcr Unterst\u00fctzung &#8211; Bau der Synagoge Dessau-Ro\u00dflau kann z\u00fcgig fertig &#8230;<br \/>\n<a href=\"https:\/\/www.magdeburger-news.de\/?this=frame&amp;c=20230727121533\" target=\"_blank\" rel=\"noopener\">https:\/\/www.magdeburger-news.de\/?this=frame&amp;c=20230727121533<\/a><\/p>\n<p>&#8212;&#8212;&#8212;&#8212;&#8212;&#8212;&#8212;&#8212;&#8212;&#8212;&#8212;&#8212;<\/p>\n<p>28.8.2016 &#8211; im Garten meines Vater\u00b4s :<\/p>\n<p><img loading=\"lazy\" decoding=\"async\" class=\"alignnone size-full wp-image-139504\" src=\"http:\/\/www.sabinewenig.de\/myblog\/wp-content\/uploads\/2023\/10\/IMG_3859_kl.jpg\" alt=\"\" width=\"256\" height=\"192\"> <img loading=\"lazy\" decoding=\"async\" class=\"alignnone size-medium wp-image-139505\" src=\"http:\/\/www.sabinewenig.de\/myblog\/wp-content\/uploads\/2023\/10\/IMG_3860_kl.jpg\" alt=\"\" width=\"256\" height=\"192\"> <img loading=\"lazy\" decoding=\"async\" class=\"alignnone size-medium wp-image-139506\" src=\"http:\/\/www.sabinewenig.de\/myblog\/wp-content\/uploads\/2023\/10\/IMG_3861_kl.jpg\" alt=\"\" width=\"256\" height=\"192\"> <img loading=\"lazy\" decoding=\"async\" class=\"alignnone size-medium wp-image-139507\" src=\"http:\/\/www.sabinewenig.de\/myblog\/wp-content\/uploads\/2023\/10\/IMG_3862_kl-rotated.jpg\" alt=\"\" width=\"192\" height=\"256\"> <img loading=\"lazy\" decoding=\"async\" class=\"alignnone size-medium wp-image-139508\" src=\"http:\/\/www.sabinewenig.de\/myblog\/wp-content\/uploads\/2023\/10\/IMG_3863_kl.jpg\" alt=\"\" width=\"256\" height=\"192\"> <img loading=\"lazy\" decoding=\"async\" class=\"alignnone size-medium wp-image-139509\" src=\"http:\/\/www.sabinewenig.de\/myblog\/wp-content\/uploads\/2023\/10\/IMG_3864_kl.jpg\" alt=\"\" width=\"256\" height=\"192\"> <img loading=\"lazy\" decoding=\"async\" class=\"alignnone size-medium wp-image-139510\" src=\"http:\/\/www.sabinewenig.de\/myblog\/wp-content\/uploads\/2023\/10\/IMG_3865_kl.jpg\" alt=\"\" width=\"256\" height=\"192\"> <img loading=\"lazy\" decoding=\"async\" class=\"alignnone size-medium wp-image-139511\" src=\"http:\/\/www.sabinewenig.de\/myblog\/wp-content\/uploads\/2023\/10\/IMG_3866_kl.jpg\" alt=\"\" width=\"256\" height=\"192\"><\/p>\n<p>&#8212;&#8212;&#8212;&#8212;&#8212;&#8212;&#8212;&#8212;&#8212;&#8212;&#8212;&#8212;<\/p>\n<p>11.9.2016 : ehem. Maxim-Gorki-Haus Oechelh\u00e4user Stra\u00dfe &#8211; jetzt Seniorenheim &#8211; toller Teich mit Karpfen im Park dahinter<\/p>\n<p><img loading=\"lazy\" decoding=\"async\" src=\"http:\/\/www.sabinewenig.de\/myblog\/wp-content\/uploads\/2023\/10\/IMG_3982.jpg\" alt=\"\" width=\"256\" height=\"192\" class=\"alignnone size-full wp-image-139518\" \/> <img loading=\"lazy\" decoding=\"async\" src=\"http:\/\/www.sabinewenig.de\/myblog\/wp-content\/uploads\/2023\/10\/IMG_3983.jpg\" alt=\"\" width=\"256\" height=\"192\" class=\"alignnone size-medium wp-image-139519\" \/> <img loading=\"lazy\" decoding=\"async\" src=\"http:\/\/www.sabinewenig.de\/myblog\/wp-content\/uploads\/2023\/10\/IMG_3984.jpg\" alt=\"\" width=\"256\" height=\"192\" class=\"alignnone size-medium wp-image-139520\" \/> <img loading=\"lazy\" decoding=\"async\" src=\"http:\/\/www.sabinewenig.de\/myblog\/wp-content\/uploads\/2023\/10\/IMG_3985.jpg\" alt=\"\" width=\"256\" height=\"192\" class=\"alignnone size-medium wp-image-139521\" \/> <img loading=\"lazy\" decoding=\"async\" src=\"http:\/\/www.sabinewenig.de\/myblog\/wp-content\/uploads\/2023\/10\/IMG_3986.jpg\" alt=\"\" width=\"256\" height=\"192\" class=\"alignnone size-medium wp-image-139522\" \/> <img loading=\"lazy\" decoding=\"async\" src=\"http:\/\/www.sabinewenig.de\/myblog\/wp-content\/uploads\/2023\/10\/IMG_3987.jpg\" alt=\"\" width=\"256\" height=\"192\" class=\"alignnone size-medium wp-image-139523\" \/> <img loading=\"lazy\" decoding=\"async\" src=\"http:\/\/www.sabinewenig.de\/myblog\/wp-content\/uploads\/2023\/10\/IMG_3988.jpg\" alt=\"\" width=\"256\" height=\"192\" class=\"alignnone size-medium wp-image-139524\" \/> <img loading=\"lazy\" decoding=\"async\" src=\"http:\/\/www.sabinewenig.de\/myblog\/wp-content\/uploads\/2023\/10\/IMG_3989.jpg\" alt=\"\" width=\"256\" height=\"192\" class=\"alignnone size-medium wp-image-139525\" \/> <img loading=\"lazy\" decoding=\"async\" src=\"http:\/\/www.sabinewenig.de\/myblog\/wp-content\/uploads\/2023\/10\/IMG_3990.jpg\" alt=\"\" width=\"256\" height=\"192\" class=\"alignnone size-medium wp-image-139526\" \/> <img loading=\"lazy\" decoding=\"async\" src=\"http:\/\/www.sabinewenig.de\/myblog\/wp-content\/uploads\/2023\/10\/IMG_3991.jpg\" alt=\"\" width=\"256\" height=\"192\" class=\"alignnone size-medium wp-image-139527\" \/> <img loading=\"lazy\" decoding=\"async\" src=\"http:\/\/www.sabinewenig.de\/myblog\/wp-content\/uploads\/2023\/10\/IMG_3992.jpg\" alt=\"\" width=\"256\" height=\"192\" class=\"alignnone size-medium wp-image-139528\" \/> <img loading=\"lazy\" decoding=\"async\" src=\"http:\/\/www.sabinewenig.de\/myblog\/wp-content\/uploads\/2023\/10\/IMG_3993.jpg\" alt=\"\" width=\"256\" height=\"192\" class=\"alignnone size-medium wp-image-139529\" \/> <img loading=\"lazy\" decoding=\"async\" src=\"http:\/\/www.sabinewenig.de\/myblog\/wp-content\/uploads\/2023\/10\/IMG_3994.jpg\" alt=\"\" width=\"256\" height=\"192\" class=\"alignnone size-medium wp-image-139530\" \/> <img loading=\"lazy\" decoding=\"async\" src=\"http:\/\/www.sabinewenig.de\/myblog\/wp-content\/uploads\/2023\/10\/IMG_3995.jpg\" alt=\"\" width=\"256\" height=\"192\" class=\"alignnone size-medium wp-image-139531\" \/> <img loading=\"lazy\" decoding=\"async\" src=\"http:\/\/www.sabinewenig.de\/myblog\/wp-content\/uploads\/2023\/10\/IMG_3996.jpg\" alt=\"\" width=\"256\" height=\"192\" class=\"alignnone size-medium wp-image-139532\" \/> <img loading=\"lazy\" decoding=\"async\" src=\"http:\/\/www.sabinewenig.de\/myblog\/wp-content\/uploads\/2023\/10\/IMG_3997.jpg\" alt=\"\" width=\"256\" height=\"192\" class=\"alignnone size-medium wp-image-139533\" \/> <img loading=\"lazy\" decoding=\"async\" src=\"http:\/\/www.sabinewenig.de\/myblog\/wp-content\/uploads\/2023\/10\/IMG_3998-rotated.jpg\" alt=\"\" width=\"192\" height=\"256\" class=\"alignnone size-medium wp-image-139534\" \/> <img loading=\"lazy\" decoding=\"async\" src=\"http:\/\/www.sabinewenig.de\/myblog\/wp-content\/uploads\/2023\/10\/IMG_3999-rotated.jpg\" alt=\"\" width=\"192\" height=\"256\" class=\"alignnone size-medium wp-image-139535\" \/><\/p>\n<p>&#8212;&#8212;&#8212;&#8212;&#8212;&#8212;&#8212;&#8212;&#8212;&#8212;&#8212;&#8212;<\/p>\n<p>10.11.2018 : Auf dem Zentralfriedhof in K\u00fchnau :<\/p>\n<p><img loading=\"lazy\" decoding=\"async\" src=\"http:\/\/www.sabinewenig.de\/myblog\/wp-content\/uploads\/2023\/10\/IMG_6342_kl.jpg\" alt=\"\" width=\"192\" height=\"256\" class=\"alignnone size-full wp-image-139513\" \/> <img loading=\"lazy\" decoding=\"async\" src=\"http:\/\/www.sabinewenig.de\/myblog\/wp-content\/uploads\/2023\/10\/IMG_6344-rotated.jpg\" alt=\"\" width=\"192\" height=\"256\" class=\"alignnone size-full wp-image-139515\" \/><\/p>\n<p>&#8212;&#8212;&#8212;&#8212;&#8212;&#8212;&#8212;&#8212;&#8212;&#8212;&#8212;&#8212;<\/p>\n<p>2019 Kornhaus Dessau :<\/p>\n<p><img loading=\"lazy\" decoding=\"async\" class=\"alignnone size-full wp-image-139480\" src=\"http:\/\/www.sabinewenig.de\/myblog\/wp-content\/uploads\/2023\/10\/IMG_5107_kl.jpg\" alt=\"\" width=\"256\" height=\"192\"> <img loading=\"lazy\" decoding=\"async\" class=\"alignnone size-medium wp-image-139481\" src=\"http:\/\/www.sabinewenig.de\/myblog\/wp-content\/uploads\/2023\/10\/IMG_5108_kl.jpg\" alt=\"\" width=\"256\" height=\"192\"> <img loading=\"lazy\" decoding=\"async\" class=\"alignnone size-medium wp-image-139482\" src=\"http:\/\/www.sabinewenig.de\/myblog\/wp-content\/uploads\/2023\/10\/IMG_5109_kl.jpg\" alt=\"\" width=\"256\" height=\"192\"><br \/>\n<img loading=\"lazy\" decoding=\"async\" class=\"alignnone size-medium wp-image-139483\" src=\"http:\/\/www.sabinewenig.de\/myblog\/wp-content\/uploads\/2023\/10\/IMG_5112_kl.jpg\" alt=\"\" width=\"256\" height=\"192\"> <img loading=\"lazy\" decoding=\"async\" class=\"alignnone size-medium wp-image-139484\" src=\"http:\/\/www.sabinewenig.de\/myblog\/wp-content\/uploads\/2023\/10\/IMG_5113_kl.jpg\" alt=\"\" width=\"256\" height=\"192\"> <img loading=\"lazy\" decoding=\"async\" class=\"alignnone size-medium wp-image-139485\" src=\"http:\/\/www.sabinewenig.de\/myblog\/wp-content\/uploads\/2023\/10\/IMG_5114_kl.jpg\" alt=\"\" width=\"256\" height=\"192\"> <img loading=\"lazy\" decoding=\"async\" class=\"alignnone size-medium wp-image-139486\" src=\"http:\/\/www.sabinewenig.de\/myblog\/wp-content\/uploads\/2023\/10\/IMG_5115_kl.jpg\" alt=\"\" width=\"256\" height=\"192\"><img loading=\"lazy\" decoding=\"async\" class=\"alignnone size-medium wp-image-139487\" src=\"http:\/\/www.sabinewenig.de\/myblog\/wp-content\/uploads\/2023\/10\/IMG_5117_kl.jpg\" alt=\"\" width=\"256\" height=\"192\"> <img loading=\"lazy\" decoding=\"async\" class=\"alignnone size-medium wp-image-139488\" src=\"http:\/\/www.sabinewenig.de\/myblog\/wp-content\/uploads\/2023\/10\/IMG_5118_kl.jpg\" alt=\"\" width=\"256\" height=\"192\"><br \/>\n<img loading=\"lazy\" decoding=\"async\" class=\"alignnone size-medium wp-image-139489\" src=\"http:\/\/www.sabinewenig.de\/myblog\/wp-content\/uploads\/2023\/10\/IMG_5119_kl.jpg\" alt=\"\" width=\"256\" height=\"192\"> <img loading=\"lazy\" decoding=\"async\" class=\"alignnone size-medium wp-image-139490\" src=\"http:\/\/www.sabinewenig.de\/myblog\/wp-content\/uploads\/2023\/10\/IMG_5120_kl.jpg\" alt=\"\" width=\"256\" height=\"192\"><br \/>\n<img loading=\"lazy\" decoding=\"async\" class=\"alignnone size-medium wp-image-139491\" src=\"http:\/\/www.sabinewenig.de\/myblog\/wp-content\/uploads\/2023\/10\/IMG_5121_kl.jpg\" alt=\"\" width=\"256\" height=\"192\"> <img loading=\"lazy\" decoding=\"async\" class=\"alignnone size-medium wp-image-139492\" src=\"http:\/\/www.sabinewenig.de\/myblog\/wp-content\/uploads\/2023\/10\/IMG_5122_kl-rotated.jpg\" alt=\"\" width=\"192\" height=\"256\"><br \/>\n<img loading=\"lazy\" decoding=\"async\" width=\"750\" height=\"563\" class=\"alignnone size-medium wp-image-139493\" src=\"http:\/\/www.sabinewenig.de\/myblog\/wp-content\/uploads\/2023\/10\/IMG_5123_kl.jpg\" alt=\"\" srcset=\"http:\/\/www.sabinewenig.de\/myblog\/wp-content\/uploads\/2023\/10\/IMG_5123_kl.jpg 750w, http:\/\/www.sabinewenig.de\/myblog\/wp-content\/uploads\/2023\/10\/IMG_5123_kl-300x225.jpg 300w\" sizes=\"auto, (max-width: 750px) 100vw, 750px\" \/><br \/>\n<img loading=\"lazy\" decoding=\"async\" class=\"alignnone size-medium wp-image-139494\" src=\"http:\/\/www.sabinewenig.de\/myblog\/wp-content\/uploads\/2023\/10\/IMG_5124_kl.jpg\" alt=\"\" width=\"256\" height=\"192\"><br \/>\n<img loading=\"lazy\" decoding=\"async\" width=\"750\" height=\"563\" class=\"alignnone size-medium wp-image-139495\" src=\"http:\/\/www.sabinewenig.de\/myblog\/wp-content\/uploads\/2023\/10\/IMG_5125_kl.jpg\" alt=\"\" srcset=\"http:\/\/www.sabinewenig.de\/myblog\/wp-content\/uploads\/2023\/10\/IMG_5125_kl.jpg 750w, http:\/\/www.sabinewenig.de\/myblog\/wp-content\/uploads\/2023\/10\/IMG_5125_kl-300x225.jpg 300w\" sizes=\"auto, (max-width: 750px) 100vw, 750px\" \/><br \/>\n<img loading=\"lazy\" decoding=\"async\" class=\"alignnone size-medium wp-image-139496\" src=\"http:\/\/www.sabinewenig.de\/myblog\/wp-content\/uploads\/2023\/10\/IMG_5127_kl.jpg\" alt=\"\" width=\"256\" height=\"192\"> <img loading=\"lazy\" decoding=\"async\" class=\"alignnone size-medium wp-image-139497\" src=\"http:\/\/www.sabinewenig.de\/myblog\/wp-content\/uploads\/2023\/10\/IMG_5128_kl.jpg\" alt=\"\" width=\"256\" height=\"192\"><\/p>\n<p>&#8212;&#8212;&#8212;&#8212;&#8212;&#8212;&#8212;&#8212;&#8212;&#8212;&#8212;&#8212;<\/p>\n<p>Dessau 14.8.2023 :<\/p>\n<p><img loading=\"lazy\" decoding=\"async\" class=\"alignnone size-medium wp-image-139469\" src=\"http:\/\/www.sabinewenig.de\/myblog\/wp-content\/uploads\/2023\/10\/processed-3c44376a-bcd0-406e-8a1f-3d873f1f0b31_AoQbBNlK_kl-135x300.jpeg\" alt=\"\" width=\"135\" height=\"300\" srcset=\"http:\/\/www.sabinewenig.de\/myblog\/wp-content\/uploads\/2023\/10\/processed-3c44376a-bcd0-406e-8a1f-3d873f1f0b31_AoQbBNlK_kl-135x300.jpeg 135w, http:\/\/www.sabinewenig.de\/myblog\/wp-content\/uploads\/2023\/10\/processed-3c44376a-bcd0-406e-8a1f-3d873f1f0b31_AoQbBNlK_kl.jpeg 265w\" sizes=\"auto, (max-width: 135px) 100vw, 135px\" \/> <img loading=\"lazy\" decoding=\"async\" class=\"alignnone size-medium wp-image-139470\" src=\"http:\/\/www.sabinewenig.de\/myblog\/wp-content\/uploads\/2023\/10\/processed-5ecf4ff3-289d-43d0-8128-79bbdeed7e4e_5GEDyAY2_kl-135x300.jpg\" alt=\"\" width=\"135\" height=\"300\" srcset=\"http:\/\/www.sabinewenig.de\/myblog\/wp-content\/uploads\/2023\/10\/processed-5ecf4ff3-289d-43d0-8128-79bbdeed7e4e_5GEDyAY2_kl-135x300.jpg 135w, http:\/\/www.sabinewenig.de\/myblog\/wp-content\/uploads\/2023\/10\/processed-5ecf4ff3-289d-43d0-8128-79bbdeed7e4e_5GEDyAY2_kl.jpg 265w\" sizes=\"auto, (max-width: 135px) 100vw, 135px\" \/> <img loading=\"lazy\" decoding=\"async\" class=\"alignnone size-medium wp-image-139471\" src=\"http:\/\/www.sabinewenig.de\/myblog\/wp-content\/uploads\/2023\/10\/processed-93ee56f0-5872-4664-b8b9-e65b981d4612_yBVaPm3p_kl-135x300.jpg\" alt=\"\" width=\"135\" height=\"300\" srcset=\"http:\/\/www.sabinewenig.de\/myblog\/wp-content\/uploads\/2023\/10\/processed-93ee56f0-5872-4664-b8b9-e65b981d4612_yBVaPm3p_kl-135x300.jpg 135w, http:\/\/www.sabinewenig.de\/myblog\/wp-content\/uploads\/2023\/10\/processed-93ee56f0-5872-4664-b8b9-e65b981d4612_yBVaPm3p_kl.jpg 265w\" sizes=\"auto, (max-width: 135px) 100vw, 135px\" \/><\/p>\n<p><img loading=\"lazy\" decoding=\"async\" class=\"alignnone size-medium wp-image-139472\" src=\"http:\/\/www.sabinewenig.de\/myblog\/wp-content\/uploads\/2023\/10\/processed-195ea360-e23c-4207-b0ba-a2da22934ecc_NDgXT86u_kl-135x300.jpg\" alt=\"\" width=\"135\" height=\"300\" srcset=\"http:\/\/www.sabinewenig.de\/myblog\/wp-content\/uploads\/2023\/10\/processed-195ea360-e23c-4207-b0ba-a2da22934ecc_NDgXT86u_kl-135x300.jpg 135w, http:\/\/www.sabinewenig.de\/myblog\/wp-content\/uploads\/2023\/10\/processed-195ea360-e23c-4207-b0ba-a2da22934ecc_NDgXT86u_kl.jpg 265w\" sizes=\"auto, (max-width: 135px) 100vw, 135px\" \/> <img loading=\"lazy\" decoding=\"async\" class=\"alignnone size-medium wp-image-139473\" src=\"http:\/\/www.sabinewenig.de\/myblog\/wp-content\/uploads\/2023\/10\/processed-a33aaa44-36ca-41ee-9acd-e9a89247d42a_4OOw2PL1_kl-135x300.jpg\" alt=\"\" width=\"135\" height=\"300\" srcset=\"http:\/\/www.sabinewenig.de\/myblog\/wp-content\/uploads\/2023\/10\/processed-a33aaa44-36ca-41ee-9acd-e9a89247d42a_4OOw2PL1_kl-135x300.jpg 135w, http:\/\/www.sabinewenig.de\/myblog\/wp-content\/uploads\/2023\/10\/processed-a33aaa44-36ca-41ee-9acd-e9a89247d42a_4OOw2PL1_kl.jpg 265w\" sizes=\"auto, (max-width: 135px) 100vw, 135px\" \/> <img loading=\"lazy\" decoding=\"async\" class=\"alignnone size-medium wp-image-139474\" src=\"http:\/\/www.sabinewenig.de\/myblog\/wp-content\/uploads\/2023\/10\/processed-c2520665-2f65-4c76-ba19-e5aeb8d42fc0_h4RdBt68_kl-135x300.jpg\" alt=\"\" width=\"135\" height=\"300\" srcset=\"http:\/\/www.sabinewenig.de\/myblog\/wp-content\/uploads\/2023\/10\/processed-c2520665-2f65-4c76-ba19-e5aeb8d42fc0_h4RdBt68_kl-135x300.jpg 135w, http:\/\/www.sabinewenig.de\/myblog\/wp-content\/uploads\/2023\/10\/processed-c2520665-2f65-4c76-ba19-e5aeb8d42fc0_h4RdBt68_kl.jpg 265w\" sizes=\"auto, (max-width: 135px) 100vw, 135px\" \/> <img loading=\"lazy\" decoding=\"async\" class=\"alignnone size-medium wp-image-139475\" src=\"http:\/\/www.sabinewenig.de\/myblog\/wp-content\/uploads\/2023\/10\/processed-eca94882-6a33-4e1f-9512-63d8efd5ab22_LZgM6aJc_kl-135x300.jpg\" alt=\"\" width=\"135\" height=\"300\" srcset=\"http:\/\/www.sabinewenig.de\/myblog\/wp-content\/uploads\/2023\/10\/processed-eca94882-6a33-4e1f-9512-63d8efd5ab22_LZgM6aJc_kl-135x300.jpg 135w, http:\/\/www.sabinewenig.de\/myblog\/wp-content\/uploads\/2023\/10\/processed-eca94882-6a33-4e1f-9512-63d8efd5ab22_LZgM6aJc_kl.jpg 265w\" sizes=\"auto, (max-width: 135px) 100vw, 135px\" \/><\/p>\n","protected":false},"excerpt":{"rendered":"<p>Meines Vater\u00b4s Garten (Gartensparte Scheplake am K\u00fchlhaus): &nbsp; Meine Kindheits-Wohnung jetzt (Paul-K\u00f6nig-Str. &#8211; W\u00f6rlitzer Str. &#8211; an Ecke Karlstr.): &nbsp; ehem. Cafe George wird saniert (Karlstr. Ecke Joliot-Curie-Str.): &nbsp; &nbsp; Links : http:\/\/www.dessau.de\/ http:\/\/de.wikipedia.org\/wiki\/Dessau http:\/\/www.virtuelles-dessau.de\/ http:\/\/www.dessau-geschichte.de\/ http:\/\/ru.wikipedia.org\/wiki\/\u0424\u0430\u0439\u043b:Dessau_Schloss_1900.jpg http:\/\/www.anhalt800.de\/Anhalt800\/Orte\/Dessau-Rosslau\/ &nbsp; &nbsp; &hellip; <a href=\"http:\/\/www.sabinewenig.de\/myblog\/?page_id=26809\">Weiterlesen <span class=\"meta-nav\">&rarr;<\/span><\/a><\/p>\n","protected":false},"author":1,"featured_media":0,"parent":26773,"menu_order":0,"comment_status":"closed","ping_status":"closed","template":"","meta":{"ngg_post_thumbnail":0,"footnotes":""},"class_list":["post-26809","page","type-page","status-publish","hentry"],"_links":{"self":[{"href":"http:\/\/www.sabinewenig.de\/myblog\/index.php?rest_route=\/wp\/v2\/pages\/26809","targetHints":{"allow":["GET"]}}],"collection":[{"href":"http:\/\/www.sabinewenig.de\/myblog\/index.php?rest_route=\/wp\/v2\/pages"}],"about":[{"href":"http:\/\/www.sabinewenig.de\/myblog\/index.php?rest_route=\/wp\/v2\/types\/page"}],"author":[{"embeddable":true,"href":"http:\/\/www.sabinewenig.de\/myblog\/index.php?rest_route=\/wp\/v2\/users\/1"}],"replies":[{"embeddable":true,"href":"http:\/\/www.sabinewenig.de\/myblog\/index.php?rest_route=%2Fwp%2Fv2%2Fcomments&post=26809"}],"version-history":[{"count":0,"href":"http:\/\/www.sabinewenig.de\/myblog\/index.php?rest_route=\/wp\/v2\/pages\/26809\/revisions"}],"up":[{"embeddable":true,"href":"http:\/\/www.sabinewenig.de\/myblog\/index.php?rest_route=\/wp\/v2\/pages\/26773"}],"wp:attachment":[{"href":"http:\/\/www.sabinewenig.de\/myblog\/index.php?rest_route=%2Fwp%2Fv2%2Fmedia&parent=26809"}],"curies":[{"name":"wp","href":"https:\/\/api.w.org\/{rel}","templated":true}]}}